{"id":533,"date":"2021-07-19T13:59:56","date_gmt":"2021-07-19T13:59:56","guid":{"rendered":"https:\/\/heo.hu\/?page_id=533"},"modified":"2025-10-06T13:00:01","modified_gmt":"2025-10-06T13:00:01","slug":"palffy-utcai-ovoda","status":"publish","type":"page","link":"https:\/\/heo.hu\/?page_id=533","title":{"rendered":"P\u00e1lffy Utcai \u00d3voda"},"content":{"rendered":"\t\t<div data-elementor-type=\"wp-page\" data-elementor-id=\"533\" class=\"elementor elementor-533\" data-elementor-settings=\"{&quot;ha_cmc_init_switcher&quot;:&quot;no&quot;}\">\n\t\t\t\t\t\t<section class=\"elementor-section elementor-top-section elementor-element elementor-element-908dea8 elementor-section-full_width elementor-section-height-default elementor-section-height-default\" data-id=\"908dea8\" data-element_type=\"section\" data-e-type=\"section\" data-settings=\"{&quot;_ha_eqh_enable&quot;:false}\">\n\t\t\t\t\t\t<div class=\"elementor-container elementor-column-gap-default\">\n\t\t\t\t\t<div class=\"elementor-column elementor-col-100 elementor-top-column elementor-element elementor-element-9fa8882\" data-id=\"9fa8882\" data-element_type=\"column\" data-e-type=\"column\">\n\t\t\t<div class=\"elementor-widget-wrap elementor-element-populated\">\n\t\t\t\t\t\t<div class=\"elementor-element elementor-element-9c587f1 elementor-widget elementor-widget-heading\" data-id=\"9c587f1\" data-element_type=\"widget\" data-e-type=\"widget\" data-widget_type=\"heading.default\">\n\t\t\t\t<div class=\"elementor-widget-container\">\n\t\t\t\t\t<h2 class=\"elementor-heading-title elementor-size-default\">  <\/h2>\t\t\t\t<\/div>\n\t\t\t\t<\/div>\n\t\t\t\t\t<\/div>\n\t\t<\/div>\n\t\t\t\t\t<\/div>\n\t\t<\/section>\n\t\t\t\t<section class=\"elementor-section elementor-top-section elementor-element elementor-element-9e2da48 elementor-section-stretched elementor-section-full_width elementor-section-height-default elementor-section-height-default\" data-id=\"9e2da48\" data-element_type=\"section\" data-e-type=\"section\" data-settings=\"{&quot;stretch_section&quot;:&quot;section-stretched&quot;,&quot;_ha_eqh_enable&quot;:false}\">\n\t\t\t\t\t\t<div class=\"elementor-container elementor-column-gap-default\">\n\t\t\t\t\t<div class=\"elementor-column elementor-col-25 elementor-top-column elementor-element elementor-element-a8b209e\" data-id=\"a8b209e\" data-element_type=\"column\" data-e-type=\"column\">\n\t\t\t<div class=\"elementor-widget-wrap elementor-element-populated\">\n\t\t\t\t\t\t<div class=\"elementor-element elementor-element-7a51e4b ha-card--top ha-card--tablet-top ha-card--mobile-top elementor-widget elementor-widget-ha-card happy-addon ha-card\" data-id=\"7a51e4b\" data-element_type=\"widget\" data-e-type=\"widget\" id=\"#ma\" data-widget_type=\"ha-card.default\">\n\t\t\t\t<div class=\"elementor-widget-container\">\n\t\t\t\t\t\n\t\t\n\t\t<div class=\"ha-card-body\">\n\n\t\t\t<h2 class=\"ha-card-title\">H\u00edrek<\/h2>\n\t\t\t\t\t\t\t<div class=\"ha-card-text\">\n\t\t\t\t\t<p>P\u00e1lffy \u00d3voda h\u00edrei<\/p>\n\t\t\t\t<\/div>\n\t\t\t\n\t\t\t<a class=\"ha-btn\" href=\"https:\/\/heo.hu\/?page_id=1774\"><span class=\"ha-btn-text\">Inform\u00e1ci\u00f3<\/span><\/a>\t\t<\/div>\n\t\t\t\t\t\t<\/div>\n\t\t\t\t<\/div>\n\t\t\t\t\t<\/div>\n\t\t<\/div>\n\t\t\t\t<div class=\"elementor-column elementor-col-25 elementor-top-column elementor-element elementor-element-56ceecc\" data-id=\"56ceecc\" data-element_type=\"column\" data-e-type=\"column\">\n\t\t\t<div class=\"elementor-widget-wrap elementor-element-populated\">\n\t\t\t\t\t\t<div class=\"elementor-element elementor-element-d1f981e ha-card--top ha-card--tablet-top ha-card--mobile-top elementor-widget elementor-widget-ha-card happy-addon ha-card\" data-id=\"d1f981e\" data-element_type=\"widget\" data-e-type=\"widget\" id=\"#bemutat\" data-widget_type=\"ha-card.default\">\n\t\t\t\t<div class=\"elementor-widget-container\">\n\t\t\t\t\t\n\t\t\n\t\t<div class=\"ha-card-body\">\n\n\t\t\t<h2 class=\"ha-card-title\">Magunkr\u00f3l<\/h2>\n\t\t\t\t\t\t\t<div class=\"ha-card-text\">\n\t\t\t\t\t<p>A P\u00e1lffy Utcai \u00d3voda r\u00f6vid t\u00f6rt\u00e9nete<\/p>\n\t\t\t\t<\/div>\n\t\t\t\n\t\t\t<a class=\"ha-btn\" href=\"https:\/\/heo.hu\/?page_id=1818\" target=\"_blank\"><span class=\"ha-btn-text\">Ismerd meg!<\/span><\/a>\t\t<\/div>\n\t\t\t\t\t\t<\/div>\n\t\t\t\t<\/div>\n\t\t\t\t\t<\/div>\n\t\t<\/div>\n\t\t\t\t<div class=\"elementor-column elementor-col-25 elementor-top-column elementor-element elementor-element-7b21b30\" data-id=\"7b21b30\" data-element_type=\"column\" data-e-type=\"column\">\n\t\t\t<div class=\"elementor-widget-wrap elementor-element-populated\">\n\t\t\t\t\t\t<div class=\"elementor-element elementor-element-e276ae9 ha-card--top ha-card--tablet-top ha-card--mobile-top elementor-widget elementor-widget-ha-card happy-addon ha-card\" data-id=\"e276ae9\" data-element_type=\"widget\" data-e-type=\"widget\" data-widget_type=\"ha-card.default\">\n\t\t\t\t<div class=\"elementor-widget-container\">\n\t\t\t\t\t\n\t\t\n\t\t<div class=\"ha-card-body\">\n\n\t\t\t<h2 class=\"ha-card-title\">Munkat\u00e1rsak<\/h2>\n\t\t\t\t\t\t\t<div class=\"ha-card-text\">\n\t\t\t\t\t<p>Az \u00f3voda dolgoz\u00f3i<\/p>\n\t\t\t\t<\/div>\n\t\t\t\n\t\t\t<a class=\"ha-btn\" href=\"#palffy_work\"><span class=\"ha-btn-text\">Ismerd meg!<\/span><\/a>\t\t<\/div>\n\t\t\t\t\t\t<\/div>\n\t\t\t\t<\/div>\n\t\t\t\t\t<\/div>\n\t\t<\/div>\n\t\t\t\t<div class=\"elementor-column elementor-col-25 elementor-top-column elementor-element elementor-element-06c1845\" data-id=\"06c1845\" data-element_type=\"column\" data-e-type=\"column\">\n\t\t\t<div class=\"elementor-widget-wrap elementor-element-populated\">\n\t\t\t\t\t\t<div class=\"elementor-element elementor-element-1d1f450 ha-card--top ha-card--tablet-top ha-card--mobile-top elementor-widget elementor-widget-ha-card happy-addon ha-card\" data-id=\"1d1f450\" data-element_type=\"widget\" data-e-type=\"widget\" data-widget_type=\"ha-card.default\">\n\t\t\t\t<div class=\"elementor-widget-container\">\n\t\t\t\t\t\n\t\t\n\t\t<div class=\"ha-card-body\">\n\n\t\t\t<h2 class=\"ha-card-title\">K\u00e9pgal\u00e9ria<\/h2>\n\t\t\t\t\t\t\t<div class=\"ha-card-text\">\n\t\t\t\t\t<p>.<\/p>\n\t\t\t\t<\/div>\n\t\t\t\n\t\t\t<a class=\"ha-btn\" href=\"https:\/\/heo.hu\/?page_id=1531\"><span class=\"ha-btn-text\">Megtekint\u00e9s<\/span><\/a>\t\t<\/div>\n\t\t\t\t\t\t<\/div>\n\t\t\t\t<\/div>\n\t\t\t\t\t<\/div>\n\t\t<\/div>\n\t\t\t\t\t<\/div>\n\t\t<\/section>\n\t\t\t\t<section class=\"elementor-section elementor-top-section elementor-element elementor-element-0ec3235 elementor-section-boxed elementor-section-height-default elementor-section-height-default\" data-id=\"0ec3235\" data-element_type=\"section\" data-e-type=\"section\" data-settings=\"{&quot;_ha_eqh_enable&quot;:false}\">\n\t\t\t\t\t\t<div class=\"elementor-container elementor-column-gap-default\">\n\t\t\t\t\t<div class=\"elementor-column elementor-col-100 elementor-top-column elementor-element elementor-element-74565cc\" data-id=\"74565cc\" data-element_type=\"column\" data-e-type=\"column\">\n\t\t\t<div class=\"elementor-widget-wrap elementor-element-populated\">\n\t\t\t\t\t\t<div class=\"elementor-element elementor-element-5b8a1db elementor-widget-divider--view-line_icon elementor-view-framed elementor-widget-divider--element-align-center ha-has-bg-overlay elementor-widget elementor-widget-divider\" data-id=\"5b8a1db\" data-element_type=\"widget\" data-e-type=\"widget\" data-widget_type=\"divider.default\">\n\t\t\t\t<div class=\"elementor-widget-container\">\n\t\t\t\t\t\t\t<div class=\"elementor-divider\">\n\t\t\t<span class=\"elementor-divider-separator\">\n\t\t\t\t\t\t\t<div class=\"elementor-icon elementor-divider__element\">\n\t\t\t\t\t<i aria-hidden=\"true\" class=\"fas fa-address-card\"><\/i><\/div>\n\t\t\t\t\t\t<\/span>\n\t\t<\/div>\n\t\t\t\t\t\t<\/div>\n\t\t\t\t<\/div>\n\t\t\t\t\t<\/div>\n\t\t<\/div>\n\t\t\t\t\t<\/div>\n\t\t<\/section>\n\t\t\t\t<section class=\"elementor-section elementor-top-section elementor-element elementor-element-13c54d2 elementor-section-boxed elementor-section-height-default elementor-section-height-default\" data-id=\"13c54d2\" data-element_type=\"section\" data-e-type=\"section\" data-settings=\"{&quot;_ha_eqh_enable&quot;:false}\">\n\t\t\t\t\t\t<div class=\"elementor-container elementor-column-gap-default\">\n\t\t\t\t\t<div class=\"elementor-column elementor-col-100 elementor-top-column elementor-element elementor-element-1a0f6bc\" data-id=\"1a0f6bc\" data-element_type=\"column\" data-e-type=\"column\">\n\t\t\t<div class=\"elementor-widget-wrap elementor-element-populated\">\n\t\t\t\t\t\t<div class=\"elementor-element elementor-element-9c78a1f elementor-widget elementor-widget-text-editor\" data-id=\"9c78a1f\" data-element_type=\"widget\" data-e-type=\"widget\" id=\"ma\" data-widget_type=\"text-editor.default\">\n\t\t\t\t<div class=\"elementor-widget-container\">\n\t\t\t\t\t\t\t\t\t<p style=\"text-align: center;\"><span style=\"color: #000000;\"><strong>P\u00c1LFFY UTCAI \u00d3VODA<\/strong><\/span><\/p><p><span style=\"color: #000000;\">\u201eAz egyik legizgalmasabb dolog a gyereknevel\u00e9sben, hogy hasonl\u00f3 g\u00e9n\u00e1llom\u00e1nnyal \u00e9s nevel\u00e9si elvekkel v\u00e9g\u00fcl m\u00e9gis minden gyerek k\u00fcl\u00f6nb\u00f6z\u0151 lesz. A maga m\u00f3dj\u00e1n lesz t\u00f6k\u00e9letes.\u201d<\/span><\/p><p style=\"padding-left: 120px;\"><span style=\"color: #000000;\">\u00a0\u00a0\u00a0\u00a0\u00a0\u00a0\u00a0\u00a0\u00a0\u00a0\u00a0\u00a0\u00a0\u00a0\u00a0\u00a0\u00a0\u00a0\u00a0\u00a0\u00a0\u00a0\u00a0\u00a0\u00a0\u00a0\u00a0\u00a0\u00a0\u00a0\u00a0\u00a0\u00a0\u00a0\u00a0\u00a0\u00a0\u00a0\u00a0\u00a0\u00a0\u00a0\u00a0\u00a0\u00a0\u00a0\u00a0\u00a0\u00a0\u00a0\u00a0\u00a0\u00a0\u00a0\u00a0\u00a0\u00a0\u00a0\u00a0\u00a0\u00a0\u00a0\u00a0\u00a0\u00a0\u00a0\u00a0\u00a0\u00a0\u00a0\u00a0\u00a0 Kepes Andr\u00e1s<\/span><\/p><p><span style=\"color: #000000;\">A P\u00e1lffy utcai \u00f3voda nagy m\u00faltra visszatekint\u0151 int\u00e9zm\u00e9ny, hiszen 130 \u00e9ve, 1892. okt\u00f3ber 23-\u00e1n adt\u00e1k \u00e1t, mint Tab\u00e1ni gyermekmenhely \u00e9s kisded\u00f3v\u00f3. Az \u00e9p\u00fcletet Moln\u00e1r Lajos aj\u00e1nlotta fel 1550 ft-\u00e9rt a v\u00e1rosnak. A v\u00e1ros az \u00e9p\u00fcletet megv\u00e1s\u00e1rolta, mivel \u00fagy \u00edt\u00e9lt\u00e9k meg, hogy \u201e j\u00f3 helyen fekszik, minden oldalr\u00f3l k\u00f6nnyen megk\u00f6zel\u00edthet\u0151, \u00e9s az \u00e1ra is m\u00e9lt\u00e1nyos.\u201d<\/span><\/p><p><span style=\"color: #000000;\">N\u00e9mi \u00e1talak\u00edt\u00e1s \u00e9s fel\u00faj\u00edt\u00e1s ut\u00e1n az iskolasz\u00e9k a meghirdetett \u00f3v\u00f3n\u0151i \u00e1ll\u00e1sra be\u00e9rkezett p\u00e1ly\u00e1z\u00f3k k\u00f6z\u00fcl Albert Irm\u00e1t v\u00e1lasztotta \u00f3v\u00f3n\u0151nek. A megnyit\u00e1st k\u00f6vet\u0151 els\u0151 hetekben t\u00f6bb mint 100 kisgyermeket \u00edrattak be az int\u00e9zm\u00e9nybe.<\/span><\/p><p><span style=\"color: #000000;\">Az \u00f3voda udvar\u00e1t 1893-ban b\u0151v\u00edtett\u00e9k, lebontott\u00e1k az \u00f3voda udvar\u00e1n \u00e1ll\u00f3 mell\u00e9k\u00e9p\u00fcletet, az udvart f\u00e1s\u00edtott\u00e1k.<\/span><\/p><p><span style=\"color: #000000;\">\u00a0Az \u00e9p\u00fclet az \u00e9vek sor\u00e1n t\u00f6bb \u00e1talak\u00edt\u00e1son, fel\u00faj\u00edt\u00e1son esett \u00e1t, legut\u00f3bb 2017-2018-ban, \u00e9s az \u00f3voda fejl\u0151d\u00e9se m\u00e9g napjainkban is tart, hiszem az elm\u00falt \u00e9vekben ism\u00e9t nagy beruh\u00e1z\u00e1sok t\u00f6rt\u00e9ntek, melyek a gyermekek nevel\u00e9s\u00e9nek, fejleszt\u00e9s\u00e9nek t\u00e1rgyi felt\u00e9teleit hivatottak seg\u00edteni.<\/span><\/p><p><span style=\"color: #000000;\">A 2017-2018-ban t\u00f6rt\u00e9nt fel\u00faj\u00edt\u00e1s sor\u00e1n az eg\u00e9sz \u00f3voda\u00e9p\u00fclet meg\u00fajult. \u00daj ny\u00edl\u00e1sz\u00e1r\u00f3k beszerel\u00e9se, k\u00fcls\u0151 h\u0151szigetel\u00e9s, tet\u0151fel\u00faj\u00edt\u00e1s, f\u0171t\u00e9srendszer korszer\u0171s\u00edt\u00e9se, padl\u00f3zatcsere, t\u00e1lal\u00f3konyha \u00e9s a gyermekmosd\u00f3 teljes \u00e1talak\u00edt\u00e1sa, fel\u00faj\u00edt\u00e1sa t\u00f6rt\u00e9nt meg.<\/span><\/p><p><span style=\"color: #000000;\">\u00daj b\u00fatorzat ker\u00fclt a csoportszob\u00e1kba, \u00e9s sor ker\u00fclt egy l\u00e9gkondicion\u00e1l\u00f3 beszerel\u00e9s\u00e9re is, amely ny\u00e1ri csoportszobai \u00e9let\u00fcnket hivatott megk\u00f6nny\u00edteni.<\/span><\/p><p><span style=\"color: #000000;\">Az elm\u00falt \u00e9vben kialak\u00edt\u00e1sra ker\u00fclt a fejleszt\u0151szoba \u00e9s elk\u00e9sz\u00fclt a focip\u00e1lya. Udvarunk sz\u00e9p\u00edt\u00e9se folyamatban van, v\u00e1s\u00e1roltunk \u00e9s az \u00f6nkorm\u00e1nyzatt\u00f3l is kaptunk udvari mozg\u00e1sfejleszt\u0151 j\u00e1t\u00e9kokat.<\/span><\/p><p><span style=\"color: #000000;\">\u00d3vod\u00e1nk h\u00e1rom csoportos, 75 kisgyermek befogad\u00e1s\u00e1ra alkalmas. Az \u00f3vod\u00e1ban azonos \u00e9letkor szerint szervez\u0151d\u0151 csoportok vannak, amelyek kedvez\u0151 fejl\u0151d\u00e9si k\u00f6rnyezetet biztos\u00edtanak. A hasonl\u00f3 kor\u00fa kisgyermekek \u00e9rdekl\u0151d\u00e9si k\u00f6re, testi, \u00e9rtelmi, szoci\u00e1lis fejletts\u00e9ge is k\u00f6zelebb \u00e1ll egym\u00e1shoz, \u00edgy a fejleszt\u00e9s lehet\u0151s\u00e9ge is nagyobb.<\/span><\/p><p><span style=\"color: #000000;\"><strong>Szem\u00e9lyi felt\u00e9telek:<\/strong><\/span><\/p><p><span style=\"color: #000000;\">Nevel\u0151test\u00fclet\u00fcnket 6 szakmailag felk\u00e9sz\u00fclt, gyermekszeret\u0151 \u00f3v\u00f3n\u0151, 2 pedag\u00f3giai asszisztens \u00e9s 3 dajka n\u00e9ni alkotja.\u00a0 \u00d3vodapedag\u00f3gusaink k\u00f6z\u00f6tt gy\u00f3gypedag\u00f3gus, fejleszt\u0151pedag\u00f3gus, gy\u00f3gytestnevel\u0151 v\u00e9gzetts\u00e9ggel rendelkez\u0151 munkat\u00e1rsaink vannak.<\/span><\/p><p><span style=\"color: #000000;\">Ig\u00e9ny szerint lehet\u0151s\u00e9get biztos\u00edtunk ingyenes ovi-tesi foglalkoz\u00e1sokra, angol \u00e9s n\u00e9met nyelvhez szoktat\u00e1sra, hittan foglalkoz\u00e1sokra.<\/span><\/p><p><span style=\"color: #000000;\">\u00c9vek \u00f3ta j\u00f3 kapcsolatot \u00e1polunk a Pedag\u00f3giai Szakszolg\u00e1lattal, ahonnan logop\u00e9dus \u00e9s fejleszt\u0151pedag\u00f3gus kolleg\u00e1k heti rendszeress\u00e9ggel \u00f3vod\u00e1nkban egy\u00e9ni fejleszt\u0151 foglalkoz\u00e1sokat tartanak.<\/span><\/p><p><span style=\"color: #000000;\">Sz\u00fcks\u00e9g szerint seg\u00edts\u00e9get k\u00e9rhet\u00fcnk \u00e9s kapunk \u00f3v\u00f3d\u00e1ink \u00f3v\u00f3dapszichol\u00f3gus\u00e1t\u00f3l.<\/span><\/p><p><span style=\"color: #000000;\">Rendszeresen l\u00e1togatjuk a N\u00e9meth L\u00e1szl\u00f3 V\u00e1rosi K\u00f6nyvt\u00e1r, a Bessenyei Ferenc M\u0171vel\u0151d\u00e9si <\/span><br \/><span style=\"color: #000000;\">K\u00f6zpont rendezv\u00e9nyeit, m\u0171sorait. R\u00e9szt vesz\u00fcnk az EVP \u00f3vod\u00e1soknak sz\u00f3l\u00f3 foglalkoz\u00e1sain, sz\u00edvesen l\u00e1togatjuk a Bodn\u00e1r Bertalan Oktat\u00f3k\u00f6zpontot.<\/span><\/p><p><span style=\"color: #000000;\">Az \u00f3vodai nevel\u00e9s csak a csal\u00e1ddal k\u00f6z\u00f6sen k\u00e9pes el\u00e9rni c\u00e9lj\u00e1t, \u00edgy nagyon fontosnak tartjuk a csal\u00e1ddal val\u00f3 j\u00f3 kapcsolat kialak\u00edt\u00e1s\u00e1t. Sok k\u00f6z\u00f6s program szervez\u00e9s\u00e9vel szeretn\u00e9nk el\u00e9rni, hogy a sz\u00fcl\u0151k megismerhess\u00e9k programunkat, az itt foly\u00f3 munk\u00e1t, a pedag\u00f3gusokat.<\/span><\/p><p><span style=\"color: #000000;\">Mindehhez sok seg\u00edts\u00e9get ad \u00f3vodai alap\u00edtv\u00e1nyunk (\u201eL\u00e9p\u00e9sr\u0151l L\u00e9p\u00e9sre a H\u00f3dmez\u0151v\u00e1s\u00e1rhelyi P\u00e1lffy utcai \u00d3vod\u00e1\u00e9rt Alap\u00edtv\u00e1ny ).<\/span><\/p><p><span style=\"color: #000000;\"><strong>\u00d3vodai nevel\u00e9s\u00fcnk:<\/strong><\/span><\/p><p><span style=\"color: #000000;\">Nevel\u0151munk\u00e1nk alapj\u00e1t az \u00e9rzelmi biztons\u00e1got ny\u00fajt\u00f3, szeretetteljes \u00f3vodai l\u00e9gk\u00f6r megteremt\u00e9se ny\u00fajtja.<\/span><\/p><p><span style=\"color: #000000;\">A \u201eNekem siker\u00fcl\u201d helyi nevel\u00e9si programunkban kiemelked\u0151 szerepet j\u00e1tszik a k\u00f6rnyezet megismer\u00e9s\u00e9re nevel\u00e9s. T\u00f6reksz\u00fcnk a k\u00f6zvetlen k\u00f6rnyezet\u00fcnk min\u00e9l pontosabb megismer\u00e9s\u00e9re, az emberi munka \u00e1ltal l\u00e9trej\u00f6tt \u00e9rt\u00e9kek megbecs\u00fcl\u00e9s\u00e9re, a k\u00f6rnyezetv\u00e9delemre. F\u0151 elv\u00fcnk, hogy a k\u00f6zvetlen tapasztal\u00e1s \u00fatj\u00e1n ismerkedjenek a gyermekek k\u00f6rnyezet\u00fckkel, hiszen az \u00edgy szerzett tapasztalatok, ismeretek tart\u00f3sabb \u00e9s a gyermekek sz\u00e1m\u00e1ra \u00e9lvezetesebb, gyermekk\u00f6zelibb \u00e9lm\u00e9nyeket ny\u00fajtanak.<\/span><\/p><p><span style=\"color: #000000;\">Fontosnak tartjuk a gyermeki k\u00e9pess\u00e9gek kibontakoztat\u00e1s\u00e1t, az egy\u00e9ni b\u00e1n\u00e1sm\u00f3dot, az egy\u00e9ni fejleszt\u00e9st \u00e9s a tehets\u00e9ggondoz\u00e1st. Ehhez nagy seg\u00edts\u00e9get kaptunk a mai kor gyermekeihez k\u00f6zel\u00e1ll\u00f3 informatikai eszk\u00f6z\u00f6k beszerz\u00e9s\u00e9vel ( projektor, BEE-BOT robot, iPad-ek ), amelyek nagyban seg\u00edtik a mindennapi fejleszt\u0151munk\u00e1nkat \u00e9s a tehets\u00e9ggondoz\u00e1st.<\/span><\/p><p><span style=\"color: #000000;\">Nevel\u00e9si programunk fontos eleme az eg\u00e9szs\u00e9ges \u00e9letm\u00f3dra nevel\u00e9s, aminek keret\u00e9ben sok mozg\u00e1sos csal\u00e1di programot is szervez\u00fcnk ( Csal\u00e1di Sportnap, ker\u00e9kp\u00e1rt\u00fara stb. ), valamint a mozg\u00e1sfejleszt\u00e9s, amelyhez \u00faj eszk\u00f6zk\u00e9nt kaptuk a Mozg\u00e1skotta eszk\u00f6zcsal\u00e1dot, \u00e9s r\u00e9szt vesz\u00fcnk a v\u00e1rosi Bozsik-programban.<\/span><\/p><p><span style=\"color: #000000;\"><strong>Programok:<\/strong><\/span><\/p><ul><li style=\"list-style-type: none;\"><ul><li><span style=\"color: #000000;\">Aut\u00f3mentes Vil\u00e1gnap<\/span><\/li><li><span style=\"color: #000000;\">sz\u0151l\u0151sz\u00fcret S\u00f3shalmon<\/span><\/li><li><span style=\"color: #000000;\">Zenei vil\u00e1gnap<\/span><\/li><li><span style=\"color: #000000;\">\u00c1llatok Vil\u00e1gnapja<\/span><\/li><li><span style=\"color: #000000;\">M\u00e1rton \u2013napi l\u00e1mp\u00e1s felvonul\u00e1s<\/span><\/li><li><span style=\"color: #000000;\">Mikul\u00e1s<\/span><\/li><li><span style=\"color: #000000;\">Adventi k\u00e9sz\u00fcl\u0151d\u00e9s ( Kar\u00e1csonyi bark\u00e1cs d\u00e9lel\u0151tt )<\/span><\/li><li><span style=\"color: #000000;\">Maci-h\u00e9t \u00e9s pizsamab\u00e1l<\/span><\/li><li><span style=\"color: #000000;\">Farsangi mulats\u00e1g<\/span><\/li><li><span style=\"color: #000000;\">Kisz\u00e9z\u00e9s, t\u00e9ltemet\u00e9s<\/span><\/li><li><span style=\"color: #000000;\">H\u00fasv\u00e9ti bark\u00e1cs d\u00e9lel\u0151tt<\/span><\/li><li><span style=\"color: #000000;\">Any\u00e1knapi \u00fcnneps\u00e9g<\/span><\/li><li><span style=\"color: #000000;\">Gyermeknap<\/span><\/li><li><span style=\"color: #000000;\">Gyermeknapi kir\u00e1ndul\u00e1s<\/span><\/li><li><span style=\"color: #000000;\">\u00c9vz\u00e1r\u00f3 \u00fcnneps\u00e9g, a nagycsoportosok b\u00facs\u00faztat\u00e1sa<\/span><\/li><li><span style=\"color: #000000;\">Csal\u00e1di sport \u2013 \u00e9s eg\u00e9szs\u00e9gnap<\/span><\/li><li><span style=\"color: #000000;\">Ker\u00e9kp\u00e1ros kir\u00e1ndul\u00e1s<\/span><\/li><\/ul><\/li><\/ul><p><span style=\"color: #000000;\">A tan\u00e9v folyam\u00e1n sz\u00e1mos m\u00e1s program is sz\u00ednes\u00edti \u00f3vod\u00e1nk \u00e9let\u00e9t. T\u00f6bbsz\u00f6r sor ker\u00fcl terepfoglalkoz\u00e1sokra, foglalkoz\u00e1sokhoz kapcsol\u00f3d\u00f3 kir\u00e1ndul\u00e1sokra, \u00e9lm\u00e9nyszerz\u0151 s\u00e9t\u00e1kra.<\/span><\/p><p><span style=\"color: #000000;\">Minden h\u00f3napban zen\u00e9s m\u0171sor, sz\u00ednh\u00e1zi el\u0151ad\u00e1s sz\u00f3rakoztatja a gyerekeket.<\/span><\/p><p><span style=\"color: #000000;\">A csal\u00e1dokkal egy\u00fctt szeretn\u00e9nk el\u00e9rni, hogy a gyermekek felejthetetlen 3 \u00e9vet t\u00f6ltsenek \u00f3vod\u00e1nkban.<\/span><\/p><p><span style=\"color: #000000;\">Sz\u00edvesen l\u00e1tunk minden kedves \u00e9rdekl\u0151d\u0151t, b\u00e1rmikor az \u00e9v folyam\u00e1n.<\/span><\/p>\t\t\t\t\t\t\t\t<\/div>\n\t\t\t\t<\/div>\n\t\t\t\t\t<\/div>\n\t\t<\/div>\n\t\t\t\t\t<\/div>\n\t\t<\/section>\n\t\t\t\t<section class=\"elementor-section elementor-top-section elementor-element elementor-element-f0866a6 elementor-section-boxed elementor-section-height-default elementor-section-height-default\" data-id=\"f0866a6\" data-element_type=\"section\" data-e-type=\"section\" data-settings=\"{&quot;_ha_eqh_enable&quot;:false}\">\n\t\t\t\t\t\t<div class=\"elementor-container elementor-column-gap-default\">\n\t\t\t\t\t<div class=\"elementor-column elementor-col-100 elementor-top-column elementor-element elementor-element-dccfa91\" data-id=\"dccfa91\" data-element_type=\"column\" data-e-type=\"column\">\n\t\t\t<div class=\"elementor-widget-wrap elementor-element-populated\">\n\t\t\t\t\t\t<div class=\"elementor-element elementor-element-cb9b1c5 elementor-widget-divider--view-line_icon elementor-view-framed elementor-widget-divider--element-align-center ha-has-bg-overlay elementor-widget elementor-widget-divider\" data-id=\"cb9b1c5\" data-element_type=\"widget\" data-e-type=\"widget\" data-widget_type=\"divider.default\">\n\t\t\t\t<div class=\"elementor-widget-container\">\n\t\t\t\t\t\t\t<div class=\"elementor-divider\">\n\t\t\t<span class=\"elementor-divider-separator\">\n\t\t\t\t\t\t\t<div class=\"elementor-icon elementor-divider__element\">\n\t\t\t\t\t<i aria-hidden=\"true\" class=\"fas fa-address-card\"><\/i><\/div>\n\t\t\t\t\t\t<\/span>\n\t\t<\/div>\n\t\t\t\t\t\t<\/div>\n\t\t\t\t<\/div>\n\t\t\t\t\t<\/div>\n\t\t<\/div>\n\t\t\t\t\t<\/div>\n\t\t<\/section>\n\t\t\t\t<section class=\"elementor-section elementor-top-section elementor-element elementor-element-d02ecc5 elementor-section-boxed elementor-section-height-default elementor-section-height-default\" data-id=\"d02ecc5\" data-element_type=\"section\" data-e-type=\"section\" data-settings=\"{&quot;_ha_eqh_enable&quot;:false}\">\n\t\t\t\t\t\t<div class=\"elementor-container elementor-column-gap-default\">\n\t\t\t\t\t<div class=\"elementor-column elementor-col-50 elementor-top-column elementor-element elementor-element-7371e7c\" data-id=\"7371e7c\" data-element_type=\"column\" data-e-type=\"column\">\n\t\t\t<div class=\"elementor-widget-wrap elementor-element-populated\">\n\t\t\t\t\t\t<div class=\"elementor-element elementor-element-2f8908f elementor-widget elementor-widget-text-editor\" data-id=\"2f8908f\" data-element_type=\"widget\" data-e-type=\"widget\" data-widget_type=\"text-editor.default\">\n\t\t\t\t<div class=\"elementor-widget-container\">\n\t\t\t\t\t\t\t\t\t<h5 style=\"text-align: left;\">H\u00f3dmez\u0151v\u00e1s\u00e1rhely Megyei Jog\u00fa V\u00e1ros \u00d6nkorm\u00e1nyzat P\u00e1lffy Utcai \u00d3voda<\/h5><h5 style=\"text-align: left;\">6800 H\u00f3dmez\u0151v\u00e1s\u00e1rhely<br \/>P\u00e1lffy utca 41.<\/h5><h5 style=\"text-align: left;\">Tel\/fax: <span>62\/242-438<\/span><br \/>Email-c\u00edm: palffyovi@heo.hu<\/h5>\t\t\t\t\t\t\t\t<\/div>\n\t\t\t\t<\/div>\n\t\t\t\t\t<\/div>\n\t\t<\/div>\n\t\t\t\t<div class=\"elementor-column elementor-col-50 elementor-top-column elementor-element elementor-element-5310c68\" data-id=\"5310c68\" data-element_type=\"column\" data-e-type=\"column\">\n\t\t\t<div class=\"elementor-widget-wrap elementor-element-populated\">\n\t\t\t\t\t\t<div class=\"elementor-element elementor-element-4342830 elementor-widget elementor-widget-google_maps\" data-id=\"4342830\" data-element_type=\"widget\" data-e-type=\"widget\" data-widget_type=\"google_maps.default\">\n\t\t\t\t<div class=\"elementor-widget-container\">\n\t\t\t\t\t\t\t<div class=\"elementor-custom-embed\">\n\t\t\t<iframe loading=\"lazy\"\n\t\t\t\t\tsrc=\"https:\/\/maps.google.com\/maps?q=H%C3%B3dmez%C5%91v%C3%A1s%C3%A1rhely%20%C5%90%C3%A1lffy%20u.%2041&#038;t=m&#038;z=10&#038;output=embed&#038;iwloc=near\"\n\t\t\t\t\ttitle=\"H\u00f3dmez\u0151v\u00e1s\u00e1rhely \u0150\u00e1lffy u. 41\"\n\t\t\t\t\taria-label=\"H\u00f3dmez\u0151v\u00e1s\u00e1rhely \u0150\u00e1lffy u. 41\"\n\t\t\t><\/iframe>\n\t\t<\/div>\n\t\t\t\t\t\t<\/div>\n\t\t\t\t<\/div>\n\t\t\t\t\t<\/div>\n\t\t<\/div>\n\t\t\t\t\t<\/div>\n\t\t<\/section>\n\t\t\t\t<section class=\"elementor-section elementor-top-section elementor-element elementor-element-a074b68 elementor-section-boxed elementor-section-height-default elementor-section-height-default\" data-id=\"a074b68\" data-element_type=\"section\" data-e-type=\"section\" data-settings=\"{&quot;_ha_eqh_enable&quot;:false}\">\n\t\t\t\t\t\t<div class=\"elementor-container elementor-column-gap-default\">\n\t\t\t\t\t<div class=\"elementor-column elementor-col-100 elementor-top-column elementor-element elementor-element-a57dd2c\" data-id=\"a57dd2c\" data-element_type=\"column\" data-e-type=\"column\">\n\t\t\t<div class=\"elementor-widget-wrap elementor-element-populated\">\n\t\t\t\t\t\t<div class=\"elementor-element elementor-element-acd45c6 elementor-widget elementor-widget-text-editor\" data-id=\"acd45c6\" data-element_type=\"widget\" data-e-type=\"widget\" id=\"palffy_work\" data-widget_type=\"text-editor.default\">\n\t\t\t\t<div class=\"elementor-widget-container\">\n\t\t\t\t\t\t\t\t\t<p><span style=\"color: #000000;\"><u>H\u00f3dmez\u0151v\u00e1s\u00e1rhelyi Egyes\u00edtett \u00d3voda P\u00e1l utcai Tagint\u00e9zm\u00e9ny P\u00e1lffy utcai Telephely<\/u><\/span><\/p><p><span style=\"color: #000000;\"><u>6800 H\u00f3dmez\u0151v\u00e1s\u00e1rhely, P\u00e1lffy u. 41.<\/u><\/span><\/p><p><span style=\"color: #000000;\">P\u00e1lffy utcai Telephely szakmai vezet\u0151je: Rost\u00e1sn\u00e9 Dani Anita \u00f3vodapedag\u00f3gus<\/span><\/p><table><tbody style=\"text-align: center;\"><tr><th><span style=\"color: #000000;\">\u00d3vodai csoport<\/span><\/th><th><span style=\"color: #000000;\">csoport<\/span><\/th><th><span style=\"color: #000000;\">\u00f3vodapedag\u00f3gus<\/span><\/th><th><span style=\"color: #000000;\">pedag\u00f3giai asszisztens<\/span><\/th><th><span style=\"color: #000000;\">\u00f3vodai dajka<\/span><\/th><\/tr><tr><td><span style=\"color: #000000;\">Micimack\u00f3 csoport<\/span><\/td><td><span style=\"color: #000000;\">kis<br \/>csoport<\/span><\/td><td><p><span style=\"color: #000000;\"><\/span><\/p><p><span style=\"color: #000000;\">Rost\u00e1sn\u00e9 Dani Anita<\/span><\/p><p><span style=\"color: #000000;\">Kov\u00e1cs-Fazekas Lilla<\/span><\/p><\/td><td><p><span style=\"color: #000000;\"><\/span>Juh\u00e1sz-Nagy Csilla Kl\u00e1ra<\/p><p><span style=\"color: #000000;\">Fazekas T\u00fcnde<\/span><\/p><p><\/p><\/td><td><span style=\"color: #000000;\">Rakonczain\u00e9 Bodrogi Ildik\u00f3<\/span><\/td><\/tr><tr><td><span style=\"color: #000000;\">Bambi <br \/>csoport<\/span><\/td><td><span style=\"color: #000000;\">k\u00f6z\u00e9ps\u0151 csoport<\/span><\/td><td><p><span style=\"color: #000000;\"><\/span><\/p><p><span style=\"color: #000000;\">Luk\u00e1csn\u00e9 Becsei \u00c9va<\/span><\/p><p><span style=\"color: #000000;\">K\u00e9rd\u0151 Alexandra<\/span><\/p><\/td><td><p><span style=\"color: #000000;\"><\/span>Juh\u00e1sz-Nagy Csilla Kl\u00e1ra<\/p><p><span style=\"color: #000000;\">Fazekas T\u00fcnde<\/span><\/p><p><\/p><\/td><td><span style=\"color: #000000;\">T\u00f3thn\u00e9 Sz\u00e1raz Szilvia<\/span><\/td><\/tr><tr><td><span style=\"color: #000000;\">Mickey eg\u00e9r csoport<\/span><\/td><td><span style=\"color: #000000;\">nagy<br \/>csoport<\/span><\/td><td><p><span style=\"color: #000000;\"><\/span><\/p><p><span style=\"color: #000000;\">Csenki \u00c9va<\/span><\/p><p><span style=\"color: #000000;\">Mucsin\u00e9 Dezs\u0151 N\u00f3ra<\/span><\/p><\/td><td><p><span style=\"color: #000000;\"><\/span>Juh\u00e1sz-Nagy Csilla Kl\u00e1ra<\/p><p><span style=\"color: #000000;\">Fazekas T\u00fcnde<\/span><\/p><p><\/p><\/td><td><span style=\"color: #000000;\">Kov\u00e1cs Anita<\/span><\/td><\/tr><\/tbody><\/table>\t\t\t\t\t\t\t\t<\/div>\n\t\t\t\t<\/div>\n\t\t\t\t\t<\/div>\n\t\t<\/div>\n\t\t\t\t\t<\/div>\n\t\t<\/section>\n\t\t\t\t<\/div>\n\t\t","protected":false},"excerpt":{"rendered":"<p>H\u00edrek P\u00e1lffy \u00d3voda h\u00edrei Inform\u00e1ci\u00f3 Magunkr\u00f3l A P\u00e1lffy Utcai \u00d3voda r\u00f6vid t\u00f6rt\u00e9nete Ismerd meg! Munkat\u00e1rsak Az \u00f3voda dolgoz\u00f3i Ismerd meg! K\u00e9pgal\u00e9ria . Megtekint\u00e9s P\u00c1LFFY UTCAI \u00d3VODA \u201eAz egyik legizgalmasabb dolog a gyereknevel\u00e9sben, hogy hasonl\u00f3 g\u00e9n\u00e1llom\u00e1nnyal \u00e9s nevel\u00e9si elvekkel v\u00e9g\u00fcl m\u00e9gis minden gyerek k\u00fcl\u00f6nb\u00f6z\u0151 lesz. A maga m\u00f3dj\u00e1n lesz t\u00f6k\u00e9letes.\u201d \u00a0\u00a0\u00a0\u00a0\u00a0\u00a0\u00a0\u00a0\u00a0\u00a0\u00a0\u00a0\u00a0\u00a0\u00a0\u00a0\u00a0\u00a0\u00a0\u00a0\u00a0\u00a0\u00a0\u00a0\u00a0\u00a0\u00a0\u00a0\u00a0\u00a0\u00a0\u00a0\u00a0\u00a0\u00a0\u00a0\u00a0\u00a0\u00a0\u00a0\u00a0\u00a0\u00a0\u00a0\u00a0\u00a0\u00a0\u00a0\u00a0\u00a0\u00a0\u00a0\u00a0\u00a0\u00a0\u00a0\u00a0\u00a0\u00a0\u00a0\u00a0\u00a0\u00a0\u00a0\u00a0\u00a0\u00a0\u00a0\u00a0\u00a0\u00a0\u00a0 [&hellip;]<\/p>\n","protected":false},"author":2,"featured_media":0,"parent":330,"menu_order":0,"comment_status":"closed","ping_status":"closed","template":"","meta":{"footnotes":""},"class_list":["post-533","page","type-page","status-publish","hentry"],"_links":{"self":[{"href":"https:\/\/heo.hu\/index.php?rest_route=\/wp\/v2\/pages\/533","targetHints":{"allow":["GET"]}}],"collection":[{"href":"https:\/\/heo.hu\/index.php?rest_route=\/wp\/v2\/pages"}],"about":[{"href":"https:\/\/heo.hu\/index.php?rest_route=\/wp\/v2\/types\/page"}],"author":[{"embeddable":true,"href":"https:\/\/heo.hu\/index.php?rest_route=\/wp\/v2\/users\/2"}],"replies":[{"embeddable":true,"href":"https:\/\/heo.hu\/index.php?rest_route=%2Fwp%2Fv2%2Fcomments&post=533"}],"version-history":[{"count":106,"href":"https:\/\/heo.hu\/index.php?rest_route=\/wp\/v2\/pages\/533\/revisions"}],"predecessor-version":[{"id":3436,"href":"https:\/\/heo.hu\/index.php?rest_route=\/wp\/v2\/pages\/533\/revisions\/3436"}],"up":[{"embeddable":true,"href":"https:\/\/heo.hu\/index.php?rest_route=\/wp\/v2\/pages\/330"}],"wp:attachment":[{"href":"https:\/\/heo.hu\/index.php?rest_route=%2Fwp%2Fv2%2Fmedia&parent=533"}],"curies":[{"name":"wp","href":"https:\/\/api.w.org\/{rel}","templated":true}]}}